{"id":20620,"date":"2025-03-13T20:13:07","date_gmt":"2025-03-13T19:13:07","guid":{"rendered":"https:\/\/bibaardoak.eus\/block-slider\/fp-hero-es\/"},"modified":"2026-03-05T11:29:28","modified_gmt":"2026-03-05T10:29:28","slug":"fp-hero-es","status":"publish","type":"blockslider","link":"https:\/\/bibaardoak.eus\/es\/block-slider\/fp-hero-es\/","title":{"rendered":"FP Hero ES"},"content":{"rendered":"<div class=\"wp-block-cakewp-block-slider alignfull block-slider blockslider-has-styles blockslider-opacity-100 blockslider-slides-opacity-100 blockslider-post- blockslider-uid-c19ce9\"><div class=\"blockslider-slider-wrapper\" data-noofslides=\"1\" data-spacebetween=\"10\" data-speed=\"400\" data-navigation=\"true\" data-pagination=\"false\" data-autoplay=\"true\" data-delay=\"5000\" data-autoplayonhover=\"true\" data-loop=\"true\" data-keyboardnavigation=\"false\" data-effect=\"slide\" data-autoheight=\"false\" data-allowtouchmove=\"false\"><div class=\"blockslider-wrapper\"><div class=\"wp-block-cakewp-block-slide blockslider-slide blockslider-has-styles blockslider-vertically-aligned-center blockslider-uid-dc81d7\"><div class=\"blockslider-slide-inner-wrapper blockslider__inner-container\"><div class=\"wp-block-cover has-background-color has-text-color\" style=\"padding-right:var(--wp--preset--spacing--50);padding-left:var(--wp--preset--spacing--50);min-height:100vh;aspect-ratio:unset;\"><span aria-hidden=\"true\" class=\"wp-block-cover__background has-foreground-background-color has-background-dim\"><\/span><img loading=\"lazy\" decoding=\"async\" width=\"6000\" height=\"4000\" class=\"wp-block-cover__image-background wp-image-20673\" alt=\"\" src=\"https:\/\/bibaardoak.eus\/app\/uploads\/2025\/04\/BG_ardozaleak.png\" data-object-fit=\"cover\" srcset=\"https:\/\/bibaardoak.eus\/app\/uploads\/2025\/04\/BG_ardozaleak.png 6000w, https:\/\/bibaardoak.eus\/app\/uploads\/2025\/04\/BG_ardozaleak-500x333.png 500w, https:\/\/bibaardoak.eus\/app\/uploads\/2025\/04\/BG_ardozaleak-1024x683.png 1024w, https:\/\/bibaardoak.eus\/app\/uploads\/2025\/04\/BG_ardozaleak-768x512.png 768w, https:\/\/bibaardoak.eus\/app\/uploads\/2025\/04\/BG_ardozaleak-1536x1024.png 1536w, https:\/\/bibaardoak.eus\/app\/uploads\/2025\/04\/BG_ardozaleak-2048x1365.png 2048w, https:\/\/bibaardoak.eus\/app\/uploads\/2025\/04\/BG_ardozaleak-600x400.png 600w\" sizes=\"auto, (max-width: 6000px) 100vw, 6000px\" \/><div class=\"wp-block-cover__inner-container has-global-padding is-layout-constrained wp-container-core-cover-is-layout-1 wp-block-cover-is-layout-constrained\"><div class=\"wp-block-group alignwide is-layout-flow wp-block-group-is-layout-flow\" style=\"padding-bottom:10rem\"><h1 class=\"wp-block-heading has-text-align-left has-x-large-font-size\">\u00a1Sumate a la comunidad<br>Biba Ardozaleak!<\/h1>\n\n<div class=\"wp-block-buttons eplus-wrapper is-content-justification-left is-layout-flex wp-container-core-buttons-is-layout-1 wp-block-buttons-is-layout-flex\"><div class=\"wp-block-button has-custom-font-size has-small-font-size\" style=\"font-style:normal;font-weight:700\"><a class=\"wp-block-button__link has-background wp-element-button\" href=\"https:\/\/bibaardoak.eus\/biba-ardozaleak\/\" style=\"border-radius:10px;background-color:#da3962\">M\u00e1s informaci\u00f3n<\/a><\/div><\/div><\/div><\/div><\/div><\/div><\/div>\n\n<div class=\"wp-block-cakewp-block-slide blockslider-slide blockslider-has-styles blockslider-vertically-aligned-center blockslider-uid-dc81d7\"><div class=\"blockslider-slide-inner-wrapper blockslider__inner-container\"><div class=\"wp-block-cover is-light has-background-color has-text-color\" style=\"padding-right:var(--wp--preset--spacing--50);padding-left:var(--wp--preset--spacing--50);min-height:100vh;aspect-ratio:unset;\"><span aria-hidden=\"true\" class=\"wp-block-cover__background has-background-dim-30 has-background-dim\"><\/span><img loading=\"lazy\" decoding=\"async\" width=\"1440\" height=\"960\" class=\"wp-block-cover__image-background wp-image-9769\" alt=\"\" src=\"https:\/\/bibaardoak.eus\/app\/uploads\/2023\/07\/hasiera_carrousel_1.jpg\" data-object-fit=\"cover\" srcset=\"https:\/\/bibaardoak.eus\/app\/uploads\/2023\/07\/hasiera_carrousel_1.jpg 1440w, https:\/\/bibaardoak.eus\/app\/uploads\/2023\/07\/hasiera_carrousel_1-300x200.jpg 300w, https:\/\/bibaardoak.eus\/app\/uploads\/2023\/07\/hasiera_carrousel_1-1024x683.jpg 1024w, https:\/\/bibaardoak.eus\/app\/uploads\/2023\/07\/hasiera_carrousel_1-768x512.jpg 768w, https:\/\/bibaardoak.eus\/app\/uploads\/2023\/07\/hasiera_carrousel_1-1320x880.jpg 1320w, https:\/\/bibaardoak.eus\/app\/uploads\/2023\/07\/hasiera_carrousel_1-600x400.jpg 600w\" sizes=\"auto, (max-width: 1440px) 100vw, 1440px\" \/><div class=\"wp-block-cover__inner-container has-global-padding is-layout-constrained wp-container-core-cover-is-layout-2 wp-block-cover-is-layout-constrained\"><div class=\"wp-block-group alignwide is-layout-flow wp-block-group-is-layout-flow\" style=\"padding-bottom:10rem\"><h2 class=\"wp-block-heading has-text-align-left has-x-large-font-size\">Vinos ecol\u00f3gicos de los viticultores vascos<\/h2>\n\n<p>Encuentra en nuestra tienda online vinos ecol\u00f3gicos,<br>biodin\u00e1micos y naturales del Pa\u00eds Vasco. Los viticultores vascos<br>vinos de primera mano.\r\n<\/p>\n\n<div class=\"wp-block-buttons eplus-wrapper is-layout-flex wp-block-buttons-is-layout-flex\"><div class=\"wp-block-button has-custom-font-size has-small-font-size\" style=\"font-style:normal;font-weight:700\"><a class=\"wp-block-button__link has-foreground-color has-background-background-color has-text-color has-background wp-element-button\" href=\"https:\/\/bibaardoak.eus\/es\/tienda\/\">Compra Biba Ardoak<\/a><\/div><\/div><\/div><\/div><\/div><\/div><\/div>\n\n<div class=\"wp-block-cakewp-block-slide blockslider-slide blockslider-has-styles blockslider-vertically-aligned-center blockslider-uid-dc81d7\"><div class=\"blockslider-slide-inner-wrapper blockslider__inner-container\"><div class=\"wp-block-cover is-light has-background-color has-text-color\" style=\"padding-right:var(--wp--preset--spacing--50);padding-left:var(--wp--preset--spacing--50);min-height:100vh;aspect-ratio:unset;\"><span aria-hidden=\"true\" class=\"wp-block-cover__background has-background-dim-30 has-background-dim\"><\/span><img loading=\"lazy\" decoding=\"async\" width=\"1440\" height=\"960\" class=\"wp-block-cover__image-background wp-image-9772\" alt=\"\" src=\"https:\/\/bibaardoak.eus\/app\/uploads\/2023\/07\/hasiera_carrousel_2-1.jpg\" data-object-fit=\"cover\" srcset=\"https:\/\/bibaardoak.eus\/app\/uploads\/2023\/07\/hasiera_carrousel_2-1.jpg 1440w, https:\/\/bibaardoak.eus\/app\/uploads\/2023\/07\/hasiera_carrousel_2-1-300x200.jpg 300w, https:\/\/bibaardoak.eus\/app\/uploads\/2023\/07\/hasiera_carrousel_2-1-1024x683.jpg 1024w, https:\/\/bibaardoak.eus\/app\/uploads\/2023\/07\/hasiera_carrousel_2-1-768x512.jpg 768w, https:\/\/bibaardoak.eus\/app\/uploads\/2023\/07\/hasiera_carrousel_2-1-1320x880.jpg 1320w, https:\/\/bibaardoak.eus\/app\/uploads\/2023\/07\/hasiera_carrousel_2-1-600x400.jpg 600w\" sizes=\"auto, (max-width: 1440px) 100vw, 1440px\" \/><div class=\"wp-block-cover__inner-container has-global-padding is-layout-constrained wp-container-core-cover-is-layout-3 wp-block-cover-is-layout-constrained\"><div class=\"wp-block-group alignwide is-layout-flow wp-block-group-is-layout-flow\" style=\"padding-bottom:300px\"><h2 class=\"wp-block-heading has-text-align-left has-x-large-font-size\">Vinos ecol\u00f3gicos de los viticultores vascos<\/h2>\n\n<p>Encuentra en nuestra tienda online vinos ecol\u00f3gicos,<br>biodin\u00e1micos y naturales del Pa\u00eds Vasco. Los viticultores vascos<br>vinos de primera mano.\r\n<\/p>\n\n<div class=\"wp-block-buttons is-layout-flex wp-block-buttons-is-layout-flex\"><div class=\"wp-block-button has-custom-font-size has-small-font-size\" style=\"font-style:normal;font-weight:700\"><a class=\"wp-block-button__link has-foreground-color has-background-background-color has-text-color has-background wp-element-button\" href=\"https:\/\/bibaardoak.eus\/es\/tienda\/\">Compra Biba Ardoak<\/a><\/div><\/div><\/div><\/div><\/div><\/div><\/div>\n\n<div class=\"wp-block-cakewp-block-slide blockslider-slide blockslider-has-styles blockslider-vertically-aligned-center blockslider-uid-dc81d7\"><div class=\"blockslider-slide-inner-wrapper blockslider__inner-container\"><div class=\"wp-block-cover has-background-color has-text-color\" style=\"padding-right:var(--wp--preset--spacing--50);padding-left:var(--wp--preset--spacing--50);min-height:100vh;aspect-ratio:unset;\"><span aria-hidden=\"true\" class=\"wp-block-cover__background has-background-dim-30 has-background-dim\"><\/span><img loading=\"lazy\" decoding=\"async\" width=\"2560\" height=\"1707\" class=\"wp-block-cover__image-background wp-image-9775\" alt=\"\" src=\"https:\/\/bibaardoak.eus\/app\/uploads\/2023\/07\/Mendiko-mahasgintza-3-1-scaled-1.jpg\" data-object-fit=\"cover\" srcset=\"https:\/\/bibaardoak.eus\/app\/uploads\/2023\/07\/Mendiko-mahasgintza-3-1-scaled-1.jpg 2560w, https:\/\/bibaardoak.eus\/app\/uploads\/2023\/07\/Mendiko-mahasgintza-3-1-scaled-1-300x200.jpg 300w, https:\/\/bibaardoak.eus\/app\/uploads\/2023\/07\/Mendiko-mahasgintza-3-1-scaled-1-1024x683.jpg 1024w, https:\/\/bibaardoak.eus\/app\/uploads\/2023\/07\/Mendiko-mahasgintza-3-1-scaled-1-768x512.jpg 768w, https:\/\/bibaardoak.eus\/app\/uploads\/2023\/07\/Mendiko-mahasgintza-3-1-scaled-1-1536x1024.jpg 1536w, https:\/\/bibaardoak.eus\/app\/uploads\/2023\/07\/Mendiko-mahasgintza-3-1-scaled-1-2048x1366.jpg 2048w, https:\/\/bibaardoak.eus\/app\/uploads\/2023\/07\/Mendiko-mahasgintza-3-1-scaled-1-1320x880.jpg 1320w, https:\/\/bibaardoak.eus\/app\/uploads\/2023\/07\/Mendiko-mahasgintza-3-1-scaled-1-600x400.jpg 600w\" sizes=\"auto, (max-width: 2560px) 100vw, 2560px\" \/><div class=\"wp-block-cover__inner-container has-global-padding is-layout-constrained wp-container-core-cover-is-layout-4 wp-block-cover-is-layout-constrained\"><div class=\"wp-block-group alignwide is-layout-flow wp-block-group-is-layout-flow\" style=\"padding-bottom:10em\"><h2 class=\"wp-block-heading has-text-align-left has-x-large-font-size\">Vinos ecol\u00f3gicos de los viticultores vascos<\/h2>\n\n<p>Encuentra en nuestra tienda online vinos ecol\u00f3gicos,<br>biodin\u00e1micos y naturales del Pa\u00eds Vasco. Los viticultores vascos<br>vinos de primera mano.\r\n<\/p>\n\n<div class=\"wp-block-buttons is-layout-flex wp-block-buttons-is-layout-flex\"><div class=\"wp-block-button has-custom-font-size has-small-font-size\" style=\"font-style:normal;font-weight:700\"><a class=\"wp-block-button__link has-foreground-color has-background-background-color has-text-color has-background wp-element-button\" href=\"https:\/\/bibaardoak.eus\/es\/tienda\/\">Compra Biba Ardoak<\/a><\/div><\/div><\/div><\/div><\/div><\/div><\/div><\/div><\/div><div class=\"blockslider-navigation-wrapper blockslider-justify-space-between blockslider-vertical-center\"><button class=\"blockslider-prev-btn\"><svg xmlns=\"http:\/\/www.w3.org\/2000\/svg\" width=\"24\" height=\"24\" viewbox=\"0 0 20 20\" fill=\"none\" aria-hidden=\"true\"><path d=\"M14 5L9 10L14 15L13 17L6 10L13 3L14 5Z\" fill=\"black\"><\/path><\/svg><\/button><button class=\"blockslider-next-btn\"><svg xmlns=\"http:\/\/www.w3.org\/2000\/svg\" width=\"24\" height=\"24\" viewbox=\"0 0 20 20\" fill=\"none\" aria-hidden=\"true\"><path d=\"M6 15L11 10L6 5L7 3L14 10L7 17L6 15Z\" fill=\"black\"><\/path><\/svg><\/button><\/div><\/div>","protected":false},"author":9,"template":"","meta":{"blockslider_fallback_content":""},"class_list":["post-20620","blockslider","type-blockslider","status-publish","hentry"],"yoast_head":"<!-- This site is optimized with the Yoast SEO plugin v22.2 - https:\/\/yoast.com\/wordpress\/plugins\/seo\/ -->\n<title>FP Hero ES - Biba Ardoak<\/title>\n<meta name=\"robots\" content=\"index, follow, max-snippet:-1, max-image-preview:large, max-video-preview:-1\" \/>\n<link rel=\"canonical\" href=\"https:\/\/bibaardoak.eus\/es\/block-slider\/fp-hero-es\/\" \/>\n<meta property=\"og:locale\" content=\"es_ES\" \/>\n<meta property=\"og:type\" content=\"article\" \/>\n<meta property=\"og:title\" content=\"FP Hero ES - Biba Ardoak\" \/>\n<meta property=\"og:url\" content=\"https:\/\/bibaardoak.eus\/es\/block-slider\/fp-hero-es\/\" \/>\n<meta property=\"og:site_name\" content=\"Biba Ardoak\" \/>\n<meta property=\"article:modified_time\" content=\"2026-03-05T10:29:28+00:00\" \/>\n<meta property=\"og:image\" content=\"https:\/\/bibaardoak.eus\/app\/uploads\/2025\/04\/BG_ardozaleak.png\" \/>\n<meta name=\"twitter:card\" content=\"summary_large_image\" \/>\n<meta name=\"twitter:label1\" content=\"Est. reading time\" \/>\n\t<meta name=\"twitter:data1\" content=\"2 minutes\" \/>\n<script type=\"application\/ld+json\" class=\"yoast-schema-graph\">{\"@context\":\"https:\/\/schema.org\",\"@graph\":[{\"@type\":\"WebPage\",\"@id\":\"https:\/\/bibaardoak.eus\/es\/block-slider\/fp-hero-es\/\",\"url\":\"https:\/\/bibaardoak.eus\/es\/block-slider\/fp-hero-es\/\",\"name\":\"FP Hero ES - Biba Ardoak\",\"isPartOf\":{\"@id\":\"https:\/\/bibaardoak.eus\/es\/#website\"},\"primaryImageOfPage\":{\"@id\":\"https:\/\/bibaardoak.eus\/es\/block-slider\/fp-hero-es\/#primaryimage\"},\"image\":{\"@id\":\"https:\/\/bibaardoak.eus\/es\/block-slider\/fp-hero-es\/#primaryimage\"},\"thumbnailUrl\":\"https:\/\/bibaardoak.eus\/app\/uploads\/2025\/04\/BG_ardozaleak.png\",\"datePublished\":\"2025-03-13T19:13:07+00:00\",\"dateModified\":\"2026-03-05T10:29:28+00:00\",\"breadcrumb\":{\"@id\":\"https:\/\/bibaardoak.eus\/es\/block-slider\/fp-hero-es\/#breadcrumb\"},\"inLanguage\":\"es-ES\",\"potentialAction\":[{\"@type\":\"ReadAction\",\"target\":[\"https:\/\/bibaardoak.eus\/es\/block-slider\/fp-hero-es\/\"]}]},{\"@type\":\"ImageObject\",\"inLanguage\":\"es-ES\",\"@id\":\"https:\/\/bibaardoak.eus\/es\/block-slider\/fp-hero-es\/#primaryimage\",\"url\":\"https:\/\/bibaardoak.eus\/app\/uploads\/2025\/04\/BG_ardozaleak.png\",\"contentUrl\":\"https:\/\/bibaardoak.eus\/app\/uploads\/2025\/04\/BG_ardozaleak.png\",\"width\":6000,\"height\":4000},{\"@type\":\"BreadcrumbList\",\"@id\":\"https:\/\/bibaardoak.eus\/es\/block-slider\/fp-hero-es\/#breadcrumb\",\"itemListElement\":[{\"@type\":\"ListItem\",\"position\":1,\"name\":\"Home\",\"item\":\"https:\/\/bibaardoak.eus\/es\/\"},{\"@type\":\"ListItem\",\"position\":2,\"name\":\"Sliders\",\"item\":\"https:\/\/bibaardoak.eus\/block-slider\/\"},{\"@type\":\"ListItem\",\"position\":3,\"name\":\"FP Hero ES\"}]},{\"@type\":\"WebSite\",\"@id\":\"https:\/\/bibaardoak.eus\/es\/#website\",\"url\":\"https:\/\/bibaardoak.eus\/es\/\",\"name\":\"Biba Ardoak\",\"description\":\"Euskal Mahastizainen Ardo Ekologikoak eta Naturalak\",\"publisher\":{\"@id\":\"https:\/\/bibaardoak.eus\/es\/#organization\"},\"potentialAction\":[{\"@type\":\"SearchAction\",\"target\":{\"@type\":\"EntryPoint\",\"urlTemplate\":\"https:\/\/bibaardoak.eus\/es\/?s={search_term_string}\"},\"query-input\":\"required name=search_term_string\"}],\"inLanguage\":\"es-ES\"},{\"@type\":\"Organization\",\"@id\":\"https:\/\/bibaardoak.eus\/es\/#organization\",\"name\":\"Biba Ardoak\",\"url\":\"https:\/\/bibaardoak.eus\/es\/\",\"logo\":{\"@type\":\"ImageObject\",\"inLanguage\":\"es-ES\",\"@id\":\"https:\/\/bibaardoak.eus\/es\/#\/schema\/logo\/image\/\",\"url\":\"https:\/\/bibaardoak.eus\/app\/uploads\/2020\/10\/logo.png\",\"contentUrl\":\"https:\/\/bibaardoak.eus\/app\/uploads\/2020\/10\/logo.png\",\"width\":165,\"height\":89,\"caption\":\"Biba Ardoak\"},\"image\":{\"@id\":\"https:\/\/bibaardoak.eus\/es\/#\/schema\/logo\/image\/\"}}]}<\/script>\n<!-- \/ Yoast SEO plugin. -->","yoast_head_json":{"title":"FP Hero ES - Biba Ardoak","robots":{"index":"index","follow":"follow","max-snippet":"max-snippet:-1","max-image-preview":"max-image-preview:large","max-video-preview":"max-video-preview:-1"},"canonical":"https:\/\/bibaardoak.eus\/es\/block-slider\/fp-hero-es\/","og_locale":"es_ES","og_type":"article","og_title":"FP Hero ES - Biba Ardoak","og_url":"https:\/\/bibaardoak.eus\/es\/block-slider\/fp-hero-es\/","og_site_name":"Biba Ardoak","article_modified_time":"2026-03-05T10:29:28+00:00","og_image":[{"url":"https:\/\/bibaardoak.eus\/app\/uploads\/2025\/04\/BG_ardozaleak.png"}],"twitter_card":"summary_large_image","twitter_misc":{"Est. reading time":"2 minutes"},"schema":{"@context":"https:\/\/schema.org","@graph":[{"@type":"WebPage","@id":"https:\/\/bibaardoak.eus\/es\/block-slider\/fp-hero-es\/","url":"https:\/\/bibaardoak.eus\/es\/block-slider\/fp-hero-es\/","name":"FP Hero ES - Biba Ardoak","isPartOf":{"@id":"https:\/\/bibaardoak.eus\/es\/#website"},"primaryImageOfPage":{"@id":"https:\/\/bibaardoak.eus\/es\/block-slider\/fp-hero-es\/#primaryimage"},"image":{"@id":"https:\/\/bibaardoak.eus\/es\/block-slider\/fp-hero-es\/#primaryimage"},"thumbnailUrl":"https:\/\/bibaardoak.eus\/app\/uploads\/2025\/04\/BG_ardozaleak.png","datePublished":"2025-03-13T19:13:07+00:00","dateModified":"2026-03-05T10:29:28+00:00","breadcrumb":{"@id":"https:\/\/bibaardoak.eus\/es\/block-slider\/fp-hero-es\/#breadcrumb"},"inLanguage":"es-ES","potentialAction":[{"@type":"ReadAction","target":["https:\/\/bibaardoak.eus\/es\/block-slider\/fp-hero-es\/"]}]},{"@type":"ImageObject","inLanguage":"es-ES","@id":"https:\/\/bibaardoak.eus\/es\/block-slider\/fp-hero-es\/#primaryimage","url":"https:\/\/bibaardoak.eus\/app\/uploads\/2025\/04\/BG_ardozaleak.png","contentUrl":"https:\/\/bibaardoak.eus\/app\/uploads\/2025\/04\/BG_ardozaleak.png","width":6000,"height":4000},{"@type":"BreadcrumbList","@id":"https:\/\/bibaardoak.eus\/es\/block-slider\/fp-hero-es\/#breadcrumb","itemListElement":[{"@type":"ListItem","position":1,"name":"Home","item":"https:\/\/bibaardoak.eus\/es\/"},{"@type":"ListItem","position":2,"name":"Sliders","item":"https:\/\/bibaardoak.eus\/block-slider\/"},{"@type":"ListItem","position":3,"name":"FP Hero ES"}]},{"@type":"WebSite","@id":"https:\/\/bibaardoak.eus\/es\/#website","url":"https:\/\/bibaardoak.eus\/es\/","name":"Biba Ardoak","description":"Euskal Mahastizainen Ardo Ekologikoak eta Naturalak","publisher":{"@id":"https:\/\/bibaardoak.eus\/es\/#organization"},"potentialAction":[{"@type":"SearchAction","target":{"@type":"EntryPoint","urlTemplate":"https:\/\/bibaardoak.eus\/es\/?s={search_term_string}"},"query-input":"required name=search_term_string"}],"inLanguage":"es-ES"},{"@type":"Organization","@id":"https:\/\/bibaardoak.eus\/es\/#organization","name":"Biba Ardoak","url":"https:\/\/bibaardoak.eus\/es\/","logo":{"@type":"ImageObject","inLanguage":"es-ES","@id":"https:\/\/bibaardoak.eus\/es\/#\/schema\/logo\/image\/","url":"https:\/\/bibaardoak.eus\/app\/uploads\/2020\/10\/logo.png","contentUrl":"https:\/\/bibaardoak.eus\/app\/uploads\/2020\/10\/logo.png","width":165,"height":89,"caption":"Biba Ardoak"},"image":{"@id":"https:\/\/bibaardoak.eus\/es\/#\/schema\/logo\/image\/"}}]}},"_links":{"self":[{"href":"https:\/\/bibaardoak.eus\/es\/wp-json\/wp\/v2\/blockslider\/20620","targetHints":{"allow":["GET"]}}],"collection":[{"href":"https:\/\/bibaardoak.eus\/es\/wp-json\/wp\/v2\/blockslider"}],"about":[{"href":"https:\/\/bibaardoak.eus\/es\/wp-json\/wp\/v2\/types\/blockslider"}],"author":[{"embeddable":true,"href":"https:\/\/bibaardoak.eus\/es\/wp-json\/wp\/v2\/users\/9"}],"wp:attachment":[{"href":"https:\/\/bibaardoak.eus\/es\/wp-json\/wp\/v2\/media?parent=20620"}],"curies":[{"name":"wp","href":"https:\/\/api.w.org\/{rel}","templated":true}]}}